{"id":2738,"date":"2022-11-03T12:49:47","date_gmt":"2022-11-03T11:49:47","guid":{"rendered":"https:\/\/events.chuliege.be\/d-esthetics-formations\/?page_id=2738"},"modified":"2025-11-03T12:58:08","modified_gmt":"2025-11-03T11:58:08","slug":"orateurs-2022-2023","status":"publish","type":"page","link":"https:\/\/events.chuliege.be\/du-esthetics\/orateurs-2022-2023\/","title":{"rendered":"Nos enseignants"},"content":{"rendered":"<p><div class=\"fusion-bg-parallax\" data-bg-align=\"center top\" data-direction=\"up\" data-mute=\"false\" data-opacity=\"100\" data-velocity=\"-0.3\" data-mobile-enabled=\"false\" data-break_parents=\"0\" data-bg-image=\"https:\/\/events.chuliege.be\/du-esthetics\/wp-content\/uploads\/sites\/12\/2024\/12\/Capture-decran-2024-12-17-a-15.35.13.png\" data-bg-repeat=\"false\" data-bg-gradient-type=\"linear\" data-bg-gradient-angle=\"61\" data-bg-gradient-start-color=\"rgba(0,0,0,0.47)\" data-bg-gradient-start-position=\"0\" data-bg-gradient-end-color=\"rgba(173,173,173,0.42)\" data-bg-gradient-end-position=\"100\" data-bg-radial-direction=\"center center\" ><\/div><div class=\"fusion-fullwidth fullwidth-box fusion-builder-row-1 fusion-flex-container has-pattern-background has-mask-background fusion-parallax-up nonhundred-percent-fullwidth non-hundred-percent-height-scrolling\" style=\"--awb-background-position:center top;--awb-border-radius-top-left:0px;--awb-border-radius-top-right:0px;--awb-border-radius-bottom-right:0px;--awb-border-radius-bottom-left:0px;--awb-padding-top:10%;--awb-padding-bottom:0px;--awb-margin-bottom:0px;--awb-background-image:linear-gradient(61deg, rgba(0,0,0,0.47) 0%,rgba(173,173,173,0.42) 100%),url(https:\/\/events.chuliege.be\/du-esthetics\/wp-content\/uploads\/sites\/12\/2024\/12\/Capture-decran-2024-12-17-a-15.35.13.png);;--awb-background-size:cover;--awb-flex-wrap:wrap;\" ><div class=\"fusion-builder-row fusion-row fusion-flex-align-items-flex-start fusion-flex-content-wrap\" style=\"max-width:1216.8px;margin-left: calc(-4% \/ 2 );margin-right: calc(-4% \/ 2 );\"><div class=\"fusion-layout-column fusion_builder_column fusion-builder-column-0 fusion_builder_column_1_1 1_1 fusion-flex-column\" style=\"--awb-bg-size:cover;--awb-width-large:100%;--awb-margin-top-large:0px;--awb-spacing-right-large:1.92%;--awb-margin-bottom-large:0px;--awb-spacing-left-large:1.92%;--awb-width-medium:66.666666666667%;--awb-order-medium:0;--awb-spacing-right-medium:2.88%;--awb-spacing-left-medium:2.88%;--awb-width-small:100%;--awb-order-small:1;--awb-spacing-right-small:1.92%;--awb-spacing-left-small:1.92%;\"><div class=\"fusion-column-wrapper fusion-column-has-shadow fusion-flex-justify-content-flex-start fusion-content-layout-column\"><nav class=\"fusion-breadcrumbs fusion-breadcrumbs-1 fusion-animated\" style=\"--awb-margin-top:10px;--awb-margin-left:40px;--awb-text-hover-color:rgba(255,255,255,0.83);--awb-text-color:#ffffff;--awb-breadcrumb-sep:&#039;\/&#039;;\" aria-label=\"Breadcrumb\" data-animationType=\"fadeInUp\" data-animationDuration=\"0.8\" data-animationOffset=\"top-into-view\"><ol class=\"awb-breadcrumb-list\"><li class=\"fusion-breadcrumb-item awb-breadcrumb-sep awb-home\" ><a href=\"https:\/\/events.chuliege.be\/du-esthetics\" class=\"fusion-breadcrumb-link\"><span >Home<\/span><\/a><\/li><\/ol><\/nav><div class=\"fusion-title title fusion-title-1 fusion-sep-none fusion-title-text fusion-title-size-one fusion-animated\" style=\"--awb-text-color:#ffffff;--awb-margin-top:10px;--awb-margin-left:40px;--awb-margin-top-small:10px;--awb-margin-right-small:0px;--awb-margin-bottom-small:20px;--awb-margin-left-small:0px;--awb-font-size:67px;\" data-animationType=\"fadeInUp\" data-animationDuration=\"0.8\" data-animationOffset=\"top-into-view\"><h1 class=\"fusion-title-heading title-heading-left fusion-responsive-typography-calculated\" style=\"font-family:&quot;Libre Baskerville&quot;;font-style:normal;font-weight:400;margin:0;text-transform:var(--awb-typography1-text-transform);font-size:1em;--fontSize:67;line-height:1.2;\"><h1>NOS ENSEIGNANTS<\/h1><\/h1><\/div><div class=\"fusion-section-separator section-separator slant fusion-section-separator-1\" style=\"--awb-spacer-height:99px;--awb-svg-margin-left:1.92%;--awb-svg-margin-right:1.92%;--awb-svg-margin-left-medium:2.88%;--awb-svg-margin-right-medium:2.88%;--awb-svg-margin-left-small:1.92%;--awb-svg-margin-right-small:1.92%;--awb-divider-height:99px;--awb-spacer-padding-top:inherit;--awb-sep-padding:0;--awb-svg-padding:0;--awb-svg-tag-margin-bottom:-3px;--awb-sep-svg-display:block;--awb-margin-top:6vw;\"><div class=\"fusion-section-separator-svg\"><svg class=\"fusion-slant-candy\" xmlns=\"http:\/\/www.w3.org\/2000\/svg\" version=\"1.1\" width=\"100%\" height=\"100\" viewBox=\"0 0 100 100\" preserveAspectRatio=\"none\" fill=\"rgba(255,255,255,1)\"><path d=\"M100 0 L0 100 L101 100 Z\"><\/path><\/svg><\/div><div class=\"fusion-section-separator-spacer\"><div class=\"fusion-section-separator-spacer-height\"><\/div><\/div><\/div><\/div><\/div><\/div><\/div><div class=\"fusion-fullwidth fullwidth-box fusion-builder-row-2 nonhundred-percent-fullwidth non-hundred-percent-height-scrolling\" style=\"--awb-border-sizes-top:0px;--awb-border-sizes-bottom:0px;--awb-border-sizes-left:0px;--awb-border-sizes-right:0px;--awb-border-radius-top-left:0px;--awb-border-radius-top-right:0px;--awb-border-radius-bottom-right:0px;--awb-border-radius-bottom-left:0px;--awb-padding-top:100px;--awb-padding-bottom:10px;--awb-flex-wrap:wrap;\" ><div class=\"fusion-builder-row fusion-row\"><div class=\"fusion-layout-column fusion_builder_column fusion-builder-column-1 fusion_builder_column_1_1 1_1 fusion-one-full fusion-column-first fusion-column-last\" style=\"--awb-bg-blend:overlay;--awb-bg-size:cover;\"><div class=\"fusion-column-wrapper fusion-flex-column-wrapper-legacy\"><div class=\"fusion-sep-clear\"><\/div><div class=\"fusion-separator fusion-full-width-sep\" style=\"margin-left: auto;margin-right: auto;margin-top:10px;width:100%;\"><\/div><div class=\"fusion-sep-clear\"><\/div><div class=\"fusion-text fusion-text-1\"><h2 class=\"fusion-responsive-typography-calculated\" style=\"text-align: left;--fontsize: 18;line-height: 2;--minfontsize: 18\" data-fontsize=\"18\" data-lineheight=\"36px\"><span style=\"color: #000000\"><b>LES ENSEIGNANTS<\/b><\/span><\/h2>\n<h4 class=\"fusion-responsive-typography-calculated\" style=\"--fontsize: 22;line-height: 2.2;--minfontsize: 22\" data-fontsize=\"22\" data-lineheight=\"48.400002px\"><\/h4>\n<\/div><div class=\"fusion-text fusion-text-2\"><p style=\"font-weight: 400\">Les cours sont dispens\u00e9s par les enseignants de l\u2019Universit\u00e9 et du CHU de Li\u00e8ge ainsi qu\u2019un orateur ext\u00e9rieur. La majorit\u00e9 des enseignants sont des conf\u00e9renciers internationaux de renom. Ils d\u00e9veloppent une activit\u00e9 clinique de pointe ainsi que le travail en \u00e9quipe pluridisciplinaire. Ils d\u00e9veloppent \u00e9galement une activit\u00e9 de recherche importante qui compl\u00e8te leur expertise clinique.<\/p>\n<p style=\"font-weight: 400\"><span style=\"color: #000000\"><strong>Enseignants principaux<\/strong> : Prof. Am\u00e9lie MAINJOT &amp; Prof. Alain VANHEUSDEN<\/span><\/p>\n<h3 style=\"font-weight: 400\"><span style=\"color: #000000\"><strong>Enseignants invit\u00e9s : <\/strong><\/span><\/h3>\n<p><span style=\"color: #000000\"><b>Chirurgie-parodontologie<\/b><\/span><\/p>\n<ul>\n<li><span style=\"color: #000000\">Prof. France LAMBERT<\/span><\/li>\n<li><span style=\"color: #000000\">Prof. Eric ROMPEN<\/span><\/li>\n<li><span style=\"color: #000000\">Dr. Renaud NOHARET (France)<\/span><\/li>\n<\/ul>\n<p style=\"font-weight: 400\"><span style=\"color: #000000\"><strong>Proth\u00e8se-Restauratrice<\/strong><\/span><\/p>\n<ul>\n<li><span style=\"color: #000000\">Prof. Marc LAMY<\/span><\/li>\n<li><span style=\"color: #000000\">Prof. Audrey GUEDERS<\/span><\/li>\n<li><span style=\"color: #000000\">Dr. Julie OUDKERK<\/span><\/li>\n<li><span style=\"color: #000000\">Dr. Damian SZAJNER<\/span><\/li>\n<\/ul>\n<p style=\"font-weight: 400\"><span style=\"color: #000000\"><strong>Orthodontie<\/strong><\/span><\/p>\n<ul>\n<li><span style=\"color: #000000\">A d\u00e9finir<\/span><\/li>\n<\/ul>\n<\/div><div class=\"fusion-clearfix\"><\/div><\/div><\/div><\/div><\/div><div id=\"AM\" class=\"fusion-container-anchor\"><div class=\"fusion-fullwidth fullwidth-box fusion-builder-row-3 hundred-percent-fullwidth non-hundred-percent-height-scrolling fusion-equal-height-columns\" style=\"--awb-background-position:left top;--awb-border-sizes-top:0px;--awb-border-sizes-bottom:0px;--awb-border-sizes-left:0px;--awb-border-sizes-right:0px;--awb-border-radius-top-left:0px;--awb-border-radius-top-right:0px;--awb-border-radius-bottom-right:0px;--awb-border-radius-bottom-left:0px;--awb-padding-top:0px;--awb-padding-right:0px;--awb-padding-bottom:0px;--awb-padding-left:0px;--awb-flex-wrap:wrap;\" ><div class=\"fusion-builder-row fusion-row\"><div class=\"fusion-layout-column fusion_builder_column fusion-builder-column-2 fusion_builder_column_1_3 1_3 fusion-one-third fusion-column-first\" style=\"--awb-bg-size:cover;width:33.333333333333%;width:calc(33.333333333333% - ( ( 4% ) * 0.33333333333333 ) );margin-right: 4%;\"><div class=\"fusion-column-wrapper fusion-column-has-shadow fusion-flex-column-wrapper-legacy\"><div class=\"fusion-image-element in-legacy-container\" style=\"--awb-aspect-ratio:1 \/ 1;--awb-object-position:46% 22%;--awb-caption-title-font-family:var(--h2_typography-font-family);--awb-caption-title-font-weight:var(--h2_typography-font-weight);--awb-caption-title-font-style:var(--h2_typography-font-style);--awb-caption-title-size:var(--h2_typography-font-size);--awb-caption-title-transform:var(--h2_typography-text-transform);--awb-caption-title-line-height:var(--h2_typography-line-height);--awb-caption-title-letter-spacing:var(--h2_typography-letter-spacing);\"><span class=\" fusion-imageframe imageframe-none imageframe-1 hover-type-none has-aspect-ratio\"><img decoding=\"async\" width=\"725\" height=\"1024\" title=\"Version 3\" src=\"https:\/\/events.chuliege.be\/du-esthetics\/wp-content\/uploads\/sites\/12\/2021\/09\/2020-1-725x1024.jpeg\" class=\"img-responsive wp-image-2526 img-with-aspect-ratio\" data-parent-fit=\"cover\" data-parent-container=\".fusion-image-element\" alt \/><\/span><\/div><div class=\"fusion-clearfix\"><\/div><\/div><\/div><div class=\"fusion-layout-column fusion_builder_column fusion-builder-column-3 fusion_builder_column_2_3 2_3 fusion-two-third fusion-column-last fusion-column-inner-bg-wrapper\" style=\"--awb-inner-bg-position:center center;--awb-inner-bg-blend:overlay;--awb-inner-bg-size:cover;--awb-margin-bottom:0px;width:66.666666666667%;width:calc(66.666666666667% - ( ( 4% ) * 0.66666666666667 ) );\"><span class=\"fusion-column-inner-bg hover-type-none\"><a class=\"fusion-column-anchor\" href=\"http:\/\/AM\"><span class=\"fusion-column-inner-bg-image\"><\/span><\/a><\/span><div class=\"fusion-column-wrapper fusion-flex-column-wrapper-legacy\"><div class=\"fusion-text fusion-text-3\"><h2>Pr. Am\u00e9lie MAINJOT<\/h2>\n<p>Am\u00e9lie Mainjot a \u00e9t\u00e9 dipl\u00f4m\u00e9e de l\u2019Universit\u00e9 de Li\u00e8ge (Belgique) en 1997, o\u00f9 elle a \u00e9galement r\u00e9alis\u00e9 un Dipl\u00f4me d\u2019Etudes Sp\u00e9cialis\u00e9es de 3 ans \u00e0 temps plein en R\u00e9habilitation Orale. En 2007 elle a obtenu un Certificat d\u2019Etudes Sp\u00e9cialis\u00e9es en Biomat\u00e9riaux Dentaires de l\u2019Universit\u00e9 de Paris Descartes (France).<\/p>\n<p>De 2008 \u00e0 2011 elle effectu\u00e9 ses recherches dans le domaine de la zircone dans le Laboratoire de Biomat\u00e9riaux Dentaires de l\u2019Universit\u00e9 Paris Descartes (URB2I) et a obtenu en 2011 le titre de docteur (PhD) de l\u2019Universit\u00e9 de Li\u00e8ge et de l\u2019Universit\u00e9 de Paris 13.<\/p>\n<p>De 2011 \u00e0 2014 elle a \u00e9t\u00e9 enseignant-chercheur (Maitre de Conf\u00e9rences Associ\u00e9) en Biomat\u00e9riaux Dentaires \u00e0 l\u2019Universit\u00e9 de Paris 5. Depuis 2014 elle poursuit sa carri\u00e8re en tant que Professeure en Biomat\u00e9riaux Dentaires \u00e0 l\u2019Universit\u00e9 de Li\u00e8ge et Chef de Clinique dans le Service de Proth\u00e8se fixe au CHU de Li\u00e8ge.<\/p>\n<p>Elle est co-fondatrice et directrice de la Dental Biomaterials Research Unit (d-BRU). Ses domaines de recherche concernent les c\u00e9ramiques dentaires, particuli\u00e8rement la zircone, les composites dentaires, particuli\u00e8rement les composites CFAO, ainsi que le d\u00e9veloppement de nouveaux protocoles de traitement minimalement invasifs, notamment \u00e0 l\u2019aide des technologies num\u00e9riques et dans le cadre de l\u2019usure dentaire. Son activit\u00e9 clinique est ax\u00e9e sur l\u2019esth\u00e9tique, la dentisterie restauratrice minimalement invasive, et la gestion pluridisciplinaire de cas de rehabilitation complexe sur dents et sur implants. Am\u00e9lie Mainjot est conf\u00e9renci\u00e8re internationale et membre actif de l\u2019European Academy of Esthetic Dentistry.<\/p>\n<p>Elle est l\u2019auteure de nombreuses publications internationales ainsi que de chapitres d\u2019ouvrages dans le domaine des mat\u00e9riaux dentaires et de la dentisterie esth\u00e9tique. Elle est \u00e9galement reviewer pour diff\u00e9rentes revues dans le domaine. Publications:\u00a0<a href=\"http:\/\/orbi.ulg.ac.be\/ph-search?uid=U180181\">http:\/\/orbi.ulg.ac.be\/ph-search?uid=U180181<\/a><\/p>\n<\/div><div class=\"fusion-clearfix\"><\/div><\/div><\/div><\/div><\/div><\/div><div id=\"AV\" class=\"fusion-container-anchor\"><div class=\"fusion-fullwidth fullwidth-box fusion-builder-row-4 hundred-percent-fullwidth non-hundred-percent-height-scrolling fusion-equal-height-columns\" style=\"--awb-background-position:left top;--awb-border-sizes-top:0px;--awb-border-sizes-bottom:0px;--awb-border-sizes-left:0px;--awb-border-sizes-right:0px;--awb-border-radius-top-left:0px;--awb-border-radius-top-right:0px;--awb-border-radius-bottom-right:0px;--awb-border-radius-bottom-left:0px;--awb-padding-top:0px;--awb-padding-right:0px;--awb-padding-bottom:0px;--awb-padding-left:0px;--awb-flex-wrap:wrap;\" ><div class=\"fusion-builder-row fusion-row\"><div class=\"fusion-layout-column fusion_builder_column fusion-builder-column-4 fusion_builder_column_1_3 1_3 fusion-one-third fusion-column-first\" style=\"--awb-bg-size:cover;width:33.333333333333%;width:calc(33.333333333333% - ( ( 4% ) * 0.33333333333333 ) );margin-right: 4%;\"><div class=\"fusion-column-wrapper fusion-column-has-shadow fusion-flex-column-wrapper-legacy\"><div class=\"fusion-image-element in-legacy-container\" style=\"--awb-aspect-ratio:1 \/ 1;--awb-object-position:49% 49%;--awb-caption-title-font-family:var(--h2_typography-font-family);--awb-caption-title-font-weight:var(--h2_typography-font-weight);--awb-caption-title-font-style:var(--h2_typography-font-style);--awb-caption-title-size:var(--h2_typography-font-size);--awb-caption-title-transform:var(--h2_typography-text-transform);--awb-caption-title-line-height:var(--h2_typography-line-height);--awb-caption-title-letter-spacing:var(--h2_typography-letter-spacing);\"><span class=\" fusion-imageframe imageframe-none imageframe-2 hover-type-none has-aspect-ratio\"><img decoding=\"async\" width=\"359\" height=\"370\" title=\"alainvanheusden-2\" src=\"https:\/\/events.chuliege.be\/du-esthetics\/wp-content\/uploads\/sites\/12\/2017\/05\/alainvanheusden-2.jpg\" class=\"img-responsive wp-image-1270 img-with-aspect-ratio\" data-parent-fit=\"cover\" data-parent-container=\".fusion-image-element\" alt srcset=\"https:\/\/events.chuliege.be\/du-esthetics\/wp-content\/uploads\/sites\/12\/2017\/05\/alainvanheusden-2-200x206.jpg 200w, https:\/\/events.chuliege.be\/du-esthetics\/wp-content\/uploads\/sites\/12\/2017\/05\/alainvanheusden-2.jpg 359w\" sizes=\"(max-width: 800px) 100vw, 359px\" \/><\/span><\/div><div class=\"fusion-clearfix\"><\/div><\/div><\/div><div class=\"fusion-layout-column fusion_builder_column fusion-builder-column-5 fusion_builder_column_2_3 2_3 fusion-two-third fusion-column-last\" style=\"--awb-bg-position:center center;--awb-bg-blend:overlay;--awb-bg-size:cover;--awb-margin-bottom:0px;width:66.666666666667%;width:calc(66.666666666667% - ( ( 4% ) * 0.66666666666667 ) );\"><div class=\"fusion-column-wrapper fusion-flex-column-wrapper-legacy\"><div class=\"fusion-text fusion-text-4\"><h2>Pr. Alain VANHEUSDEN<\/h2>\n<p>Alain Vanheusden a obtenu son dipl\u00f4me de licenci\u00e9 en sciences dentaires \u00e0 l&rsquo;Universit\u00e9 de Li\u00e8ge en 1990.<\/p>\n<p>De 1990 \u00e0 1999, il a compl\u00e9t\u00e9 sa formation post-graduate par un dipl\u00f4me d\u2019enseignement sup\u00e9rieur en r\u00e9habilitation orale et un autre en chirurgie et r\u00e9habilitation orale implantaire dans la m\u00eame universit\u00e9.<\/p>\n<p>En 1998, il obtient son dipl\u00f4me de Docteur en M\u00e9decine Dentaire (PhD).<\/p>\n<p>Il est responsable de l\u2019enseignement de plusieurs cours de 2<sup>\u00e8me<\/sup> cycle (Proth\u00e8se fixe, anatomie dentaire, radiologie et radiodiagnostic, d\u00e9ontologie et organisation professionnelle) et impliqu\u00e9 dans plusieurs formations post-graduate (Certificat Universitaire de Comp\u00e9tence en R\u00e9habilitation Orale &#8211; Universit\u00e9 de Li\u00e8ge), Dipl\u00f4me d\u2019Universit\u00e9 en Implantologie Orale (Universit\u00e9 de Corte, France), formations continu\u00e9es consacr\u00e9es \u00e0 la dentisterie esth\u00e9tique et minimalement invasive.<\/p>\n<p>Sa pratique clinique est ax\u00e9e sur les restaurations de proth\u00e8se fixe sur dents naturelles et sur implants, l&rsquo;esth\u00e9tique et la dentisterie minimalement invasive.<\/p>\n<p>Alain Vanheusden donne de nombreuses conf\u00e9rences \u00e0 l&rsquo;\u00e9chelle nationale et internationale. Il est membre affili\u00e9 de l&rsquo;Acad\u00e9mie Europ\u00e9enne de Dentisterie Esth\u00e9tique et de diverses organisations scientifiques nationales et internationales. Il est l&rsquo;auteur de plusieurs publications internationales.<\/p>\n<\/div><div class=\"fusion-clearfix\"><\/div><\/div><\/div><\/div><\/div><\/div><div id=\"FL\" class=\"fusion-container-anchor\"><div class=\"fusion-fullwidth fullwidth-box fusion-builder-row-5 hundred-percent-fullwidth non-hundred-percent-height-scrolling fusion-equal-height-columns\" style=\"--awb-background-position:left top;--awb-border-sizes-top:0px;--awb-border-sizes-bottom:0px;--awb-border-sizes-left:0px;--awb-border-sizes-right:0px;--awb-border-radius-top-left:0px;--awb-border-radius-top-right:0px;--awb-border-radius-bottom-right:0px;--awb-border-radius-bottom-left:0px;--awb-padding-top:0px;--awb-padding-right:0px;--awb-padding-bottom:0px;--awb-padding-left:0px;--awb-flex-wrap:wrap;\" ><div class=\"fusion-builder-row fusion-row\"><div class=\"fusion-layout-column fusion_builder_column fusion-builder-column-6 fusion_builder_column_1_3 1_3 fusion-one-third fusion-column-first\" style=\"--awb-bg-size:cover;width:33.333333333333%;width:calc(33.333333333333% - ( ( 4% ) * 0.33333333333333 ) );margin-right: 4%;\"><div class=\"fusion-column-wrapper fusion-column-has-shadow fusion-flex-column-wrapper-legacy\"><div class=\"fusion-image-element in-legacy-container\" style=\"--awb-aspect-ratio:1 \/ 1;--awb-object-position:69% 0%;--awb-caption-title-font-family:var(--h2_typography-font-family);--awb-caption-title-font-weight:var(--h2_typography-font-weight);--awb-caption-title-font-style:var(--h2_typography-font-style);--awb-caption-title-size:var(--h2_typography-font-size);--awb-caption-title-transform:var(--h2_typography-text-transform);--awb-caption-title-line-height:var(--h2_typography-line-height);--awb-caption-title-letter-spacing:var(--h2_typography-letter-spacing);\"><span class=\" fusion-imageframe imageframe-none imageframe-3 hover-type-none has-aspect-ratio\"><img decoding=\"async\" width=\"359\" height=\"370\" title=\"francelambert\" src=\"https:\/\/events.chuliege.be\/du-esthetics\/wp-content\/uploads\/sites\/12\/2017\/03\/francelambert.jpg\" class=\"img-responsive wp-image-859 img-with-aspect-ratio\" data-parent-fit=\"cover\" data-parent-container=\".fusion-image-element\" alt srcset=\"https:\/\/events.chuliege.be\/du-esthetics\/wp-content\/uploads\/sites\/12\/2017\/03\/francelambert-200x206.jpg 200w, https:\/\/events.chuliege.be\/du-esthetics\/wp-content\/uploads\/sites\/12\/2017\/03\/francelambert.jpg 359w\" sizes=\"(max-width: 800px) 100vw, 359px\" \/><\/span><\/div><div class=\"fusion-clearfix\"><\/div><\/div><\/div><div class=\"fusion-layout-column fusion_builder_column fusion-builder-column-7 fusion_builder_column_2_3 2_3 fusion-two-third fusion-column-last\" style=\"--awb-bg-position:center center;--awb-bg-blend:overlay;--awb-bg-size:cover;--awb-margin-bottom:0px;width:66.666666666667%;width:calc(66.666666666667% - ( ( 4% ) * 0.66666666666667 ) );\"><div class=\"fusion-column-wrapper fusion-flex-column-wrapper-legacy\"><div class=\"fusion-text fusion-text-5\"><h2>Pr. France LAMBERT<\/h2>\n<p>France Lambert est dipl\u00f4m\u00e9e de l\u2019Universit\u00e9 de Li\u00e8ge depuis 2002, o\u00f9 elle a ensuite suivit un Master Compl\u00e9mentaire de 3 ans en Parodontologie. Par la suite, elle a re\u00e7u une bourse d\u2019un an pour approfondir son activit\u00e9 en d\u2019implantologie orale \u00e0 la \u2018Harvard School of Dental Medicine\u2019, Boston, MA, USA.<\/p>\n<p>Elle est aujourd\u2019hui\u00a0 Charg\u00e9e de Cours en Biomat\u00e9riaux Dentaires \u00e0 l\u2019universit\u00e9 de Li\u00e8ge et codirige la \u2018dental-Biomaterials Research Unit\u2019 (d-BRU). Ses domaines de recherche scientifique ciblent l\u2019utilisation des biomat\u00e9riaux pour la r\u00e9g\u00e9n\u00e9ration tissulaire et les implants dentaires.<\/p>\n<p>France Lambert est aussi Chef de Clinique dans le Service de Parodontologie et Chirurgie Bucco-Dentaire du CHU de Li\u00e8ge, Belgique. Son activit\u00e9 clinique est exclusivement orient\u00e9e en implantologie, chirurgie muco-gingivale et parodontologie.<\/p>\n<p>Elle est une conf\u00e9renci\u00e8re internationale reconnue dans son domaine et est auteure de plusieurs articles scientifiques internationaux. Elle a \u00e9t\u00e9 Pr\u00e9sidente de la Soci\u00e9t\u00e9 Belge de Parodontologie (2013-2016) et est actuellement un \u00ab\u00a0junior officier\u00a0\u00bb de la F\u00e9d\u00e9ration Europ\u00e9enne de Parodontologie (EFP).<\/p>\n<\/div><div class=\"fusion-clearfix\"><\/div><\/div><\/div><\/div><\/div><\/div><div id=\"ER\" class=\"fusion-container-anchor\"><div class=\"fusion-fullwidth fullwidth-box fusion-builder-row-6 hundred-percent-fullwidth non-hundred-percent-height-scrolling\" style=\"--awb-background-position:left top;--awb-border-sizes-top:0px;--awb-border-sizes-bottom:0px;--awb-border-sizes-left:0px;--awb-border-sizes-right:0px;--awb-border-radius-top-left:0px;--awb-border-radius-top-right:0px;--awb-border-radius-bottom-right:0px;--awb-border-radius-bottom-left:0px;--awb-padding-top:0px;--awb-padding-right:0px;--awb-padding-bottom:0px;--awb-padding-left:0px;--awb-flex-wrap:wrap;\" ><div class=\"fusion-builder-row fusion-row\"><div class=\"fusion-layout-column fusion_builder_column fusion-builder-column-8 fusion_builder_column_1_3 1_3 fusion-one-third fusion-column-first\" style=\"--awb-bg-size:cover;width:33.333333333333%;width:calc(33.333333333333% - ( ( 4% ) * 0.33333333333333 ) );margin-right: 4%;\"><div class=\"fusion-column-wrapper fusion-column-has-shadow fusion-flex-column-wrapper-legacy\"><div class=\"fusion-image-element in-legacy-container\" style=\"--awb-aspect-ratio:1 \/ 1;--awb-object-position:44% 48%;--awb-caption-title-font-family:var(--h2_typography-font-family);--awb-caption-title-font-weight:var(--h2_typography-font-weight);--awb-caption-title-font-style:var(--h2_typography-font-style);--awb-caption-title-size:var(--h2_typography-font-size);--awb-caption-title-transform:var(--h2_typography-text-transform);--awb-caption-title-line-height:var(--h2_typography-line-height);--awb-caption-title-letter-spacing:var(--h2_typography-letter-spacing);\"><span class=\" fusion-imageframe imageframe-none imageframe-4 hover-type-none has-aspect-ratio\"><img decoding=\"async\" width=\"359\" height=\"370\" title=\"ericrompen\" src=\"https:\/\/events.chuliege.be\/du-esthetics\/wp-content\/uploads\/sites\/12\/2015\/12\/ericrompen.jpg\" class=\"img-responsive wp-image-865 img-with-aspect-ratio\" data-parent-fit=\"cover\" data-parent-container=\".fusion-image-element\" alt srcset=\"https:\/\/events.chuliege.be\/du-esthetics\/wp-content\/uploads\/sites\/12\/2015\/12\/ericrompen-200x206.jpg 200w, https:\/\/events.chuliege.be\/du-esthetics\/wp-content\/uploads\/sites\/12\/2015\/12\/ericrompen.jpg 359w\" sizes=\"(max-width: 800px) 100vw, 359px\" \/><\/span><\/div><div class=\"fusion-clearfix\"><\/div><\/div><\/div><div class=\"fusion-layout-column fusion_builder_column fusion-builder-column-9 fusion_builder_column_2_3 2_3 fusion-two-third fusion-column-last\" style=\"--awb-bg-position:center center;--awb-bg-blend:overlay;--awb-bg-size:cover;--awb-margin-bottom:0px;width:66.666666666667%;width:calc(66.666666666667% - ( ( 4% ) * 0.66666666666667 ) );\"><div class=\"fusion-column-wrapper fusion-flex-column-wrapper-legacy\"><div class=\"fusion-text fusion-text-6\"><h2>Pr. Eric ROMPEN<\/h2>\n<p>Eric Rompen a \u00e9t\u00e9 dipl\u00f4m\u00e9 en Sciences Dentaires en 1986 \u00e0 l\u2019Universit\u00e9 de Li\u00e8ge o\u00f9 il a \u00e9galement obtenu le Dipl\u00f4me d\u2019\u00e9tudes sp\u00e9cialis\u00e9e en R\u00e9habilitation orale en 1989. En 1991, il obtient le titre de Docteur en Sciences Dentaires \u00e0 l\u2019Universit\u00e9 de Li\u00e8ge. Il est Chef du D\u00e9partement de Parodontologie et Chirurgie buccale \u00e0 l&rsquo;Universit\u00e9 de Li\u00e8ge o\u00f9 il est aussi Professeur en Parodontologie, Chirurgie dentaire et en Chirurgie implantaire.<\/p>\n<p>Eric Rompen est responsable du programme de troisi\u00e8me cycle en Parodontologie, ainsi que du programme d&rsquo;\u00e9tudes sup\u00e9rieures en Implantologie. Il a \u00e9t\u00e9 Pr\u00e9sident de la Soci\u00e9t\u00e9 belge de Parodontologie de 2001 \u00e0 2004. Ses int\u00e9r\u00eats de recherche portent sur l&rsquo;\u00e9pid\u00e9miologie et l&rsquo;impact syst\u00e9mique des maladies parodontales, la prise en charge chirurgicale des carences des tissus mous et durs, des m\u00e9canismes de r\u00e9g\u00e9n\u00e9ration osseuse au niveau des implants dentaires, ainsi que le d\u00e9veloppement de biomat\u00e9riaux pour l\u2019augmentation tissulaire.<\/p>\n<p>En 1987 et 1998, Eric Rompen re\u00e7oit 2 prix\u00a0: le Grand Prix Kavo de l\u2019Asepsie et\u00a0 le Prix SmithKline. En 1990, il est nomin\u00e9 aux XI\u00e8mes Journ\u00e9es Fran\u00e7aises de Parodontologie \u00e0 Cannes sur le th\u00e8me de la \u00ab\u00a0Modulation biochimique de l\u2019attachement des fibroblastes \u00e0 la dentine\u00a0: un nouveau mod\u00e8le in vitro\u00a0\u00bb.<\/p>\n<p>Il est l\u2019auteur de nombreuses publications internationales et \u00e9galement un conf\u00e9rencier de renomm\u00e9e internationale.<\/p>\n<\/div><div class=\"fusion-clearfix\"><\/div><\/div><\/div><\/div><\/div><\/div><div id=\"EVD\" class=\"fusion-container-anchor\"><div class=\"fusion-fullwidth fullwidth-box fusion-builder-row-7 hundred-percent-fullwidth non-hundred-percent-height-scrolling fusion-equal-height-columns\" style=\"--awb-background-position:left top;--awb-border-sizes-top:0px;--awb-border-sizes-bottom:0px;--awb-border-sizes-left:0px;--awb-border-sizes-right:0px;--awb-border-radius-top-left:0px;--awb-border-radius-top-right:0px;--awb-border-radius-bottom-right:0px;--awb-border-radius-bottom-left:0px;--awb-padding-top:0px;--awb-padding-right:0px;--awb-padding-bottom:0px;--awb-padding-left:0px;--awb-flex-wrap:wrap;\" ><div class=\"fusion-builder-row fusion-row\"><div class=\"fusion-layout-column fusion_builder_column fusion-builder-column-10 fusion_builder_column_1_3 1_3 fusion-one-third fusion-column-first\" style=\"--awb-bg-size:cover;width:33.333333333333%;width:calc(33.333333333333% - ( ( 4% ) * 0.33333333333333 ) );margin-right: 4%;\"><div class=\"fusion-column-wrapper fusion-column-has-shadow fusion-flex-column-wrapper-legacy\"><div class=\"fusion-image-element in-legacy-container\" style=\"--awb-aspect-ratio:1 \/ 1;--awb-object-position:46% 22%;--awb-caption-title-font-family:var(--h2_typography-font-family);--awb-caption-title-font-weight:var(--h2_typography-font-weight);--awb-caption-title-font-style:var(--h2_typography-font-style);--awb-caption-title-size:var(--h2_typography-font-size);--awb-caption-title-transform:var(--h2_typography-text-transform);--awb-caption-title-line-height:var(--h2_typography-line-height);--awb-caption-title-letter-spacing:var(--h2_typography-letter-spacing);\"><span class=\" fusion-imageframe imageframe-none imageframe-5 hover-type-none has-aspect-ratio\"><img decoding=\"async\" width=\"359\" height=\"370\" title=\"NOHARET-359&#215;370 px\" src=\"https:\/\/events.chuliege.be\/du-esthetics\/wp-content\/uploads\/sites\/12\/2019\/05\/NOHARET-359x370-px.jpg\" class=\"img-responsive wp-image-2016 img-with-aspect-ratio\" data-parent-fit=\"cover\" data-parent-container=\".fusion-image-element\" alt srcset=\"https:\/\/events.chuliege.be\/du-esthetics\/wp-content\/uploads\/sites\/12\/2019\/05\/NOHARET-359x370-px-200x206.jpg 200w, https:\/\/events.chuliege.be\/du-esthetics\/wp-content\/uploads\/sites\/12\/2019\/05\/NOHARET-359x370-px.jpg 359w\" sizes=\"(max-width: 800px) 100vw, 359px\" \/><\/span><\/div><div class=\"fusion-clearfix\"><\/div><\/div><\/div><div class=\"fusion-layout-column fusion_builder_column fusion-builder-column-11 fusion_builder_column_2_3 2_3 fusion-two-third fusion-column-last\" style=\"--awb-bg-position:center center;--awb-bg-blend:overlay;--awb-bg-size:cover;--awb-margin-bottom:0px;width:66.666666666667%;width:calc(66.666666666667% - ( ( 4% ) * 0.66666666666667 ) );\"><div class=\"fusion-column-wrapper fusion-flex-column-wrapper-legacy\"><div class=\"fusion-text fusion-text-7\"><h2>Dr Renaud NOHARET<\/h2>\n<p>Docteur en chirurgie dentaire, dipl\u00f4m\u00e9 de la facult\u00e9 d&rsquo;odontologie de Lyon, le Dr Renaud<\/p>\n<p>Noharet a ensuite re\u00e7u son internat en odontologie \u00e0 Marseille. Il a obtenu le grade de Maitre<\/p>\n<p>de Conf\u00e9rence des Universit\u00e9s et Praticien Hospitalier en 2010. Renaud Noharet est aussi<\/p>\n<p>docteur de l&rsquo;Universit\u00e9 de Lyon. Il est \u00e9galement titulaire de diff\u00e9rents DU et CES ayant pour<\/p>\n<p>sujet l&rsquo;implantologie et la proth\u00e8se.<\/p>\n<p>Son exercice lib\u00e9ral situ\u00e9 \u00e0 Lyon, est centr\u00e9 sur l&rsquo;implantologie et la r\u00e9habilitation globale des<\/p>\n<p>patients. Dr Noharet est auteur de nombreuses publications (nationales et internationales) et a<\/p>\n<p>aussi particip\u00e9 \u00e0 l&rsquo;\u00e9criture de livres. Il r\u00e9alise des conf\u00e9rences tant au niveau national<\/p>\n<p>qu&rsquo;international. Il est de plus fondateur de Sapo Implant Proth\u00e8se, de DCO France.<\/p>\n<\/div><div class=\"fusion-clearfix\"><\/div><\/div><\/div><\/div><\/div><\/div><div id=\"ML\" class=\"fusion-container-anchor\"><div class=\"fusion-fullwidth fullwidth-box fusion-builder-row-8 hundred-percent-fullwidth non-hundred-percent-height-scrolling fusion-equal-height-columns\" style=\"--awb-background-position:left top;--awb-border-sizes-top:0px;--awb-border-sizes-bottom:0px;--awb-border-sizes-left:0px;--awb-border-sizes-right:0px;--awb-border-radius-top-left:0px;--awb-border-radius-top-right:0px;--awb-border-radius-bottom-right:0px;--awb-border-radius-bottom-left:0px;--awb-padding-top:0px;--awb-padding-right:0px;--awb-padding-bottom:0px;--awb-padding-left:0px;--awb-flex-wrap:wrap;\" ><div class=\"fusion-builder-row fusion-row\"><div class=\"fusion-layout-column fusion_builder_column fusion-builder-column-12 fusion_builder_column_1_3 1_3 fusion-one-third fusion-column-first\" style=\"--awb-bg-size:cover;width:33.333333333333%;width:calc(33.333333333333% - ( ( 4% ) * 0.33333333333333 ) );margin-right: 4%;\"><div class=\"fusion-column-wrapper fusion-column-has-shadow fusion-flex-column-wrapper-legacy\"><div class=\"fusion-image-element in-legacy-container\" style=\"--awb-aspect-ratio:1 \/ 1;--awb-object-position:46% 22%;--awb-caption-title-font-family:var(--h2_typography-font-family);--awb-caption-title-font-weight:var(--h2_typography-font-weight);--awb-caption-title-font-style:var(--h2_typography-font-style);--awb-caption-title-size:var(--h2_typography-font-size);--awb-caption-title-transform:var(--h2_typography-text-transform);--awb-caption-title-line-height:var(--h2_typography-line-height);--awb-caption-title-letter-spacing:var(--h2_typography-letter-spacing);\"><span class=\" fusion-imageframe imageframe-none imageframe-6 hover-type-none has-aspect-ratio\"><img decoding=\"async\" width=\"359\" height=\"370\" title=\"Marc Lamy\" src=\"https:\/\/events.chuliege.be\/du-esthetics\/wp-content\/uploads\/sites\/12\/2015\/12\/Marc-Lamy-1.jpeg\" class=\"img-responsive wp-image-1180 img-with-aspect-ratio\" data-parent-fit=\"cover\" data-parent-container=\".fusion-image-element\" alt srcset=\"https:\/\/events.chuliege.be\/du-esthetics\/wp-content\/uploads\/sites\/12\/2015\/12\/Marc-Lamy-1-200x206.jpeg 200w, https:\/\/events.chuliege.be\/du-esthetics\/wp-content\/uploads\/sites\/12\/2015\/12\/Marc-Lamy-1.jpeg 359w\" sizes=\"(max-width: 800px) 100vw, 359px\" \/><\/span><\/div><div class=\"fusion-clearfix\"><\/div><\/div><\/div><div class=\"fusion-layout-column fusion_builder_column fusion-builder-column-13 fusion_builder_column_2_3 2_3 fusion-two-third fusion-column-last\" style=\"--awb-bg-position:center center;--awb-bg-blend:overlay;--awb-bg-size:cover;--awb-margin-bottom:0px;width:66.666666666667%;width:calc(66.666666666667% - ( ( 4% ) * 0.66666666666667 ) );\"><div class=\"fusion-column-wrapper fusion-flex-column-wrapper-legacy\"><div class=\"fusion-text fusion-text-8\"><h2>Pr. Marc LAMY<\/h2>\n<p>Marc Lamy a \u00e9t\u00e9 dipl\u00f4m\u00e9 de l\u2019Universit\u00e9 de Li\u00e8ge (Belgique) en 1992 o\u00f9 il a \u00e9galement obtenu le certificat de Praticien de l\u2019hypnose et\u00a0 des techniques de communication sp\u00e9cifiques dans les probl\u00e8mes douloureux. En 1996, il a eu un Dipl\u00f4m\u00e9 d\u2019Etudes Sp\u00e9cialis\u00e9es en R\u00e9habilitation bucco-dentaire, r\u00e9alis\u00e9 en 3 ans. En 1999, il obtient le Dipl\u00f4me d\u2019Etudes Sp\u00e9cialis\u00e9es en Chirurgie et R\u00e9habilitation orale implantaires \u00e0 l\u2019Universit\u00e9 de Li\u00e8ge o\u00f9 il devient, la m\u00eame ann\u00e9e, Docteur en M\u00e9decine dentaire.<\/p>\n<p>En 2001, \u00e0 la Facult\u00e9 d\u2019Odontologie de Lille (France), il se sp\u00e9cialise en d\u2019Occlusodontologie et de R\u00e9habilitation orale fonctionnelle et en est dipl\u00f4m\u00e9. En 2006, il re\u00e7oit le\u00a0 Certificat de collaboration en th\u00e9rapeutique occlusale \u00e0 Brest, FOC IROISE. Actuellement, il est Professeur \u00e0 temps-plein en proth\u00e8se implantaire, occlusion et proth\u00e8se amovible \u00e0 L\u2019Universit\u00e9 de Li\u00e8ge. Il est Chef du service de Proth\u00e8se amovible \u2013 G\u00e9rodontologie, Pr\u00e9sident du D\u00e9partement hospitalier de Dentisterie et Vice-Pr\u00e9sident du D\u00e9partement universitaire de Dentisterie au CHU de Li\u00e8ge.<\/p>\n<p>Son activit\u00e9 clinique est principalement ax\u00e9e sur les R\u00e9habilitations orales complexes sur implants et dents naturelles et ses domaines de recherche actuels portent sur la R\u00e9habilitation proth\u00e9tique implantaire amovible sur 4 implants maxillaires et la qualit\u00e9 de vie des patients r\u00e9habilit\u00e9s par de la proth\u00e8se implantaire.<\/p>\n<\/div><div class=\"fusion-clearfix\"><\/div><\/div><\/div><\/div><\/div><\/div><div id=\"AG\" class=\"fusion-container-anchor\"><div class=\"fusion-fullwidth fullwidth-box fusion-builder-row-9 hundred-percent-fullwidth non-hundred-percent-height-scrolling fusion-equal-height-columns\" style=\"--awb-background-position:left top;--awb-border-sizes-top:0px;--awb-border-sizes-bottom:0px;--awb-border-sizes-left:0px;--awb-border-sizes-right:0px;--awb-border-radius-top-left:0px;--awb-border-radius-top-right:0px;--awb-border-radius-bottom-right:0px;--awb-border-radius-bottom-left:0px;--awb-padding-top:0px;--awb-padding-right:0px;--awb-padding-bottom:0px;--awb-padding-left:0px;--awb-flex-wrap:wrap;\" ><div class=\"fusion-builder-row fusion-row\"><div class=\"fusion-layout-column fusion_builder_column fusion-builder-column-14 fusion_builder_column_1_3 1_3 fusion-one-third fusion-column-first\" style=\"--awb-bg-size:cover;width:33.333333333333%;width:calc(33.333333333333% - ( ( 4% ) * 0.33333333333333 ) );margin-right: 4%;\"><div class=\"fusion-column-wrapper fusion-column-has-shadow fusion-flex-column-wrapper-legacy\"><div class=\"fusion-image-element in-legacy-container\" style=\"--awb-aspect-ratio:1 \/ 1;--awb-object-position:46% 22%;--awb-caption-title-font-family:var(--h2_typography-font-family);--awb-caption-title-font-weight:var(--h2_typography-font-weight);--awb-caption-title-font-style:var(--h2_typography-font-style);--awb-caption-title-size:var(--h2_typography-font-size);--awb-caption-title-transform:var(--h2_typography-text-transform);--awb-caption-title-line-height:var(--h2_typography-line-height);--awb-caption-title-letter-spacing:var(--h2_typography-letter-spacing);\"><span class=\" fusion-imageframe imageframe-none imageframe-7 hover-type-none has-aspect-ratio\"><img decoding=\"async\" width=\"359\" height=\"370\" title=\"audrey gueders\" src=\"https:\/\/events.chuliege.be\/du-esthetics\/wp-content\/uploads\/sites\/12\/2015\/12\/audrey-gueders.jpg\" class=\"img-responsive wp-image-863 img-with-aspect-ratio\" data-parent-fit=\"cover\" data-parent-container=\".fusion-image-element\" alt srcset=\"https:\/\/events.chuliege.be\/du-esthetics\/wp-content\/uploads\/sites\/12\/2015\/12\/audrey-gueders-200x206.jpg 200w, https:\/\/events.chuliege.be\/du-esthetics\/wp-content\/uploads\/sites\/12\/2015\/12\/audrey-gueders.jpg 359w\" sizes=\"(max-width: 800px) 100vw, 359px\" \/><\/span><\/div><div class=\"fusion-clearfix\"><\/div><\/div><\/div><div class=\"fusion-layout-column fusion_builder_column fusion-builder-column-15 fusion_builder_column_2_3 2_3 fusion-two-third fusion-column-last\" style=\"--awb-bg-position:center center;--awb-bg-blend:overlay;--awb-bg-size:cover;--awb-margin-bottom:0px;width:66.666666666667%;width:calc(66.666666666667% - ( ( 4% ) * 0.66666666666667 ) );\"><div class=\"fusion-column-wrapper fusion-flex-column-wrapper-legacy\"><div class=\"fusion-text fusion-text-9\"><h2 class=\"p1\"><span class=\"s1\"><span lang=\"FR\">Dr Audrey GUEDERS<\/span><\/span><\/h2>\n<p class=\"p11\"><span class=\"s2\"><span lang=\"FR\">Audrey Gu\u00e9ders a \u00e9t\u00e9 dipl\u00f4m\u00e9e de l&rsquo;Universit\u00e9 de Li\u00e8ge (Belgique) en 2000, o\u00f9 elle a \u00e9galement r\u00e9alis\u00e9 un Dipl\u00f4me d&rsquo;Etudes Sp\u00e9cialis\u00e9es de 3 ans \u00e0 temps plein en R\u00e9habilitation Orale.\u00a0<\/span><\/span><\/p>\n<p class=\"p12\"><span class=\"s2\"><span lang=\"FR\">De 2001 \u00e0 2010, elle a effectu\u00e9 ses recherches dans le domaine de l&rsquo;adh\u00e9sion\u00a0dentaire (adh\u00e9sifs am\u00e9lo-dentinaires et percolation) et a obtenu en 2010 le titre de docteur (PhD) de l&rsquo;Universit\u00e9 de Li\u00e8ge.\u00a0<\/span><\/span><\/p>\n<p class=\"p12\"><span class=\"s2\"><span lang=\"FR\">Actuellement elle est Charg\u00e9e de cours adjoint \u00e0 l&rsquo;Universit\u00e9 de Li\u00e8ge et Chef de Clinique dans le Service de Dentisterie Conservatrice, Endodontie et P\u00e9dodontie (au CHU de Li\u00e8ge).\u00a0<\/span><\/span><\/p>\n<p class=\"p13\"><span class=\"s2\"><span lang=\"FR\">Son activit\u00e9 clinique est ax\u00e9e sur la dentisterie restauratrice, l&rsquo;endodontie et la gestion pluridisciplinaire de cas de rehabilitation complexe sur dents et sur implants.\u00a0<\/span><\/span><\/p>\n<p class=\"p13\"><span class=\"s2\"><span lang=\"FR\">Elle fait partie de la Commission Scientifique de la Soci\u00e9t\u00e9 de M\u00e9decine Dentaire.<\/span><\/span><\/p>\n<p class=\"p13\"><span class=\"s2\"><span lang=\"FR\">Elle est l&rsquo;auteur d&rsquo;articles scientifiques dans le domaine des mat\u00e9riaux dentaires et de la dentisterie restauratrice.<\/span><\/span><\/p>\n<p>&nbsp;<\/p>\n<\/div><div class=\"fusion-clearfix\"><\/div><\/div><\/div><\/div><\/div><\/div><div id=\"AV\" class=\"fusion-container-anchor\"><div class=\"fusion-fullwidth fullwidth-box fusion-builder-row-10 hundred-percent-fullwidth non-hundred-percent-height-scrolling fusion-equal-height-columns\" style=\"--awb-background-position:left top;--awb-border-sizes-top:0px;--awb-border-sizes-bottom:0px;--awb-border-sizes-left:0px;--awb-border-sizes-right:0px;--awb-border-radius-top-left:0px;--awb-border-radius-top-right:0px;--awb-border-radius-bottom-right:0px;--awb-border-radius-bottom-left:0px;--awb-padding-top:0px;--awb-padding-right:0px;--awb-padding-bottom:0px;--awb-padding-left:0px;--awb-flex-wrap:wrap;\" ><div class=\"fusion-builder-row fusion-row\"><div class=\"fusion-layout-column fusion_builder_column fusion-builder-column-16 fusion_builder_column_1_3 1_3 fusion-one-third fusion-column-first\" style=\"--awb-bg-size:cover;width:33.333333333333%;width:calc(33.333333333333% - ( ( 4% ) * 0.33333333333333 ) );margin-right: 4%;\"><div class=\"fusion-column-wrapper fusion-column-has-shadow fusion-flex-column-wrapper-legacy\"><div class=\"fusion-image-element in-legacy-container\" style=\"--awb-aspect-ratio:1 \/ 1;--awb-object-position:46% 22%;--awb-caption-title-font-family:var(--h2_typography-font-family);--awb-caption-title-font-weight:var(--h2_typography-font-weight);--awb-caption-title-font-style:var(--h2_typography-font-style);--awb-caption-title-size:var(--h2_typography-font-size);--awb-caption-title-transform:var(--h2_typography-text-transform);--awb-caption-title-line-height:var(--h2_typography-line-height);--awb-caption-title-letter-spacing:var(--h2_typography-letter-spacing);\"><span class=\" fusion-imageframe imageframe-none imageframe-8 hover-type-none has-aspect-ratio\"><img decoding=\"async\" width=\"1007\" height=\"1024\" title=\"Julie\" src=\"https:\/\/events.chuliege.be\/du-esthetics\/wp-content\/uploads\/sites\/12\/2022\/12\/Julie-1007x1024.jpg\" class=\"img-responsive wp-image-3159 img-with-aspect-ratio\" data-parent-fit=\"cover\" data-parent-container=\".fusion-image-element\" alt srcset=\"https:\/\/events.chuliege.be\/du-esthetics\/wp-content\/uploads\/sites\/12\/2022\/12\/Julie-200x203.jpg 200w, https:\/\/events.chuliege.be\/du-esthetics\/wp-content\/uploads\/sites\/12\/2022\/12\/Julie-400x407.jpg 400w, https:\/\/events.chuliege.be\/du-esthetics\/wp-content\/uploads\/sites\/12\/2022\/12\/Julie-600x610.jpg 600w, https:\/\/events.chuliege.be\/du-esthetics\/wp-content\/uploads\/sites\/12\/2022\/12\/Julie-800x814.jpg 800w, https:\/\/events.chuliege.be\/du-esthetics\/wp-content\/uploads\/sites\/12\/2022\/12\/Julie.jpg 1170w\" sizes=\"(max-width: 800px) 100vw, 400px\" \/><\/span><\/div><div class=\"fusion-clearfix\"><\/div><\/div><\/div><div class=\"fusion-layout-column fusion_builder_column fusion-builder-column-17 fusion_builder_column_2_3 2_3 fusion-two-third fusion-column-last\" style=\"--awb-bg-position:center center;--awb-bg-blend:overlay;--awb-bg-size:cover;--awb-margin-bottom:0px;width:66.666666666667%;width:calc(66.666666666667% - ( ( 4% ) * 0.66666666666667 ) );\"><div class=\"fusion-column-wrapper fusion-flex-column-wrapper-legacy\"><div class=\"fusion-text fusion-text-10\"><h2>Mme Julie OUDKERK<\/h2>\n<p class=\"moz-quote-pre\">Julie Oudkerk a \u00e9t\u00e9 dipl\u00f4m\u00e9e de l\u2019Universit\u00e9 de Li\u00e8ge (Belgique) en 2014 o\u00f9 elle a \u00e9galement r\u00e9alis\u00e9 un Dipl\u00f4me d\u2019\u00c9tudes Sp\u00e9cialis\u00e9es de 3 ans \u00e0 temps plein en R\u00e9habilitation Orale. De 2017 \u00e0 aujourd\u2019hui, elle effectue ses recherches dans le domaine de l\u2019usure dentaire (\u00c9tiologies, facteurs de risque et traitements minimalement invasifs) dans le cadre de son doctorat \u00e0 l\u2019Universit\u00e9 de Li\u00e8ge. Actuellement elle est Cheffe de Clinique Adjoint dans le Service de Proth\u00e8se Fixe, Dentisterie (au CHU de Li\u00e8ge). Son activit\u00e9 clinique est ax\u00e9e sur la dentisterie minimalement invasive et la gestion pluridisciplinaire de cas de r\u00e9habilitation complexe sur dents et sur implants. Elle fait \u00e9galement partie de la dental-Biomaterials Research Unit\u2019 (d-BRU) et a publi\u00e9 plusieurs articles scientifiques dans le domaine.<\/p>\n<\/div><div class=\"fusion-clearfix\"><\/div><\/div><\/div><\/div><\/div><\/div><div id=\"AV\" class=\"fusion-container-anchor\"><div class=\"fusion-fullwidth fullwidth-box fusion-builder-row-11 hundred-percent-fullwidth non-hundred-percent-height-scrolling fusion-equal-height-columns\" style=\"--awb-background-position:left top;--awb-border-sizes-top:0px;--awb-border-sizes-bottom:0px;--awb-border-sizes-left:0px;--awb-border-sizes-right:0px;--awb-border-radius-top-left:0px;--awb-border-radius-top-right:0px;--awb-border-radius-bottom-right:0px;--awb-border-radius-bottom-left:0px;--awb-padding-top:0px;--awb-padding-right:0px;--awb-padding-bottom:0px;--awb-padding-left:0px;--awb-flex-wrap:wrap;\" ><div class=\"fusion-builder-row fusion-row\"><div class=\"fusion-layout-column fusion_builder_column fusion-builder-column-18 fusion_builder_column_1_3 1_3 fusion-one-third fusion-column-first\" style=\"--awb-bg-size:cover;width:33.333333333333%;width:calc(33.333333333333% - ( ( 4% ) * 0.33333333333333 ) );margin-right: 4%;\"><div class=\"fusion-column-wrapper fusion-column-has-shadow fusion-flex-column-wrapper-legacy\"><div class=\"fusion-image-element in-legacy-container\" style=\"--awb-aspect-ratio:1 \/ 1;--awb-object-position:46% 22%;--awb-caption-title-font-family:var(--h2_typography-font-family);--awb-caption-title-font-weight:var(--h2_typography-font-weight);--awb-caption-title-font-style:var(--h2_typography-font-style);--awb-caption-title-size:var(--h2_typography-font-size);--awb-caption-title-transform:var(--h2_typography-text-transform);--awb-caption-title-line-height:var(--h2_typography-line-height);--awb-caption-title-letter-spacing:var(--h2_typography-letter-spacing);\"><span class=\" fusion-imageframe imageframe-none imageframe-9 hover-type-none has-aspect-ratio\"><img decoding=\"async\" width=\"778\" height=\"1004\" title=\"Capture d\u2019\u00e9cran 2024-12-07 \u00e0 11.07.25\" src=\"https:\/\/events.chuliege.be\/du-esthetics\/wp-content\/uploads\/sites\/12\/2024\/12\/Capture-decran-2024-12-07-a-11.07.25.png\" class=\"img-responsive wp-image-4022 img-with-aspect-ratio\" data-parent-fit=\"cover\" data-parent-container=\".fusion-image-element\" alt srcset=\"https:\/\/events.chuliege.be\/du-esthetics\/wp-content\/uploads\/sites\/12\/2024\/12\/Capture-decran-2024-12-07-a-11.07.25-200x258.png 200w, https:\/\/events.chuliege.be\/du-esthetics\/wp-content\/uploads\/sites\/12\/2024\/12\/Capture-decran-2024-12-07-a-11.07.25-400x516.png 400w, https:\/\/events.chuliege.be\/du-esthetics\/wp-content\/uploads\/sites\/12\/2024\/12\/Capture-decran-2024-12-07-a-11.07.25-600x774.png 600w, https:\/\/events.chuliege.be\/du-esthetics\/wp-content\/uploads\/sites\/12\/2024\/12\/Capture-decran-2024-12-07-a-11.07.25.png 778w\" sizes=\"(max-width: 800px) 100vw, 400px\" \/><\/span><\/div><div class=\"fusion-clearfix\"><\/div><\/div><\/div><div class=\"fusion-layout-column fusion_builder_column fusion-builder-column-19 fusion_builder_column_2_3 2_3 fusion-two-third fusion-column-last\" style=\"--awb-bg-position:center center;--awb-bg-blend:overlay;--awb-bg-size:cover;--awb-margin-bottom:0px;width:66.666666666667%;width:calc(66.666666666667% - ( ( 4% ) * 0.66666666666667 ) );\"><div class=\"fusion-column-wrapper fusion-flex-column-wrapper-legacy\"><div class=\"fusion-text fusion-text-11\"><h2>Mr. Damian SZAJNER<\/h2>\n<div class=\"\">\n<div class=\"\" dir=\"ltr\">\n<div class=\"\"><span class=\"\" lang=\"FR\">Damian SZAJNER a \u00e9t\u00e9 dipl\u00f4m\u00e9 de l\u2019Universit\u00e9 Catholique de Louvain (Belgique) en 2017. Il a poursuivi son parcours professionnel \u00e0 Paris o\u00f9 il a obtenu son Dipl\u00f4me Universitaire en Dentisterie Restauratrice et Proth\u00e8se fix\u00e9e. Il est \u00e9galement titulaire de <\/span><span class=\"\">Certificat d&rsquo;\u00c9tudes Sup\u00e9rieures d&rsquo;Odontologie Proth\u00e9tique mention proth\u00e8se conjointe. Pendant des ann\u00e9es, il a suivi les formations en occlusodontie et dentisterie minimalement invasive.\u00a0\u00a0\u00a0<u class=\"\"><\/u><u class=\"\"><\/u><\/span><span class=\"\"><u class=\"\"><\/u>\u00a0<u class=\"\"><\/u><\/span><\/div>\n<div class=\"\"><span class=\"\" lang=\"FR\">Rigoureux et soucieux de prodiguer les meilleurs soins \u00e0 ses patients, de travailler dans l\u2019optique d\u2019une dentisterie plus conservatrice et biocompatible, il continue \u00e0 se former r\u00e9guli\u00e8rement et c\u2019est avec plaisir qu\u2019il aime transmettre son exp\u00e9rience avec ses confr\u00e8res.<u class=\"\"><\/u><u class=\"\"><\/u><\/span><span class=\"\" lang=\"FR\"><u class=\"\"><\/u>\u00a0<u class=\"\"><\/u><\/span><\/div>\n<div class=\"\"><span class=\"\" lang=\"FR\">Actuellement il travaille \u00e0 mi-temps dans le Service de Proth\u00e8se Fixe au CHU de Li\u00e8ge et dans le cabinet priv\u00e9. Son activit\u00e9 Clinique est ax\u00e9e sur la dentisterie biomim\u00e9tique et minimalement invasive.<\/span><\/div>\n<\/div>\n<\/div>\n<\/div><div class=\"fusion-clearfix\"><\/div><\/div><\/div><\/div><\/div><\/div><\/p>\n","protected":false},"excerpt":{"rendered":"","protected":false},"author":15,"featured_media":0,"parent":0,"menu_order":0,"comment_status":"closed","ping_status":"closed","template":"","meta":{"footnotes":""},"class_list":["post-2738","page","type-page","status-publish","hentry"],"_links":{"self":[{"href":"https:\/\/events.chuliege.be\/du-esthetics\/wp-json\/wp\/v2\/pages\/2738","targetHints":{"allow":["GET"]}}],"collection":[{"href":"https:\/\/events.chuliege.be\/du-esthetics\/wp-json\/wp\/v2\/pages"}],"about":[{"href":"https:\/\/events.chuliege.be\/du-esthetics\/wp-json\/wp\/v2\/types\/page"}],"author":[{"embeddable":true,"href":"https:\/\/events.chuliege.be\/du-esthetics\/wp-json\/wp\/v2\/users\/15"}],"replies":[{"embeddable":true,"href":"https:\/\/events.chuliege.be\/du-esthetics\/wp-json\/wp\/v2\/comments?post=2738"}],"version-history":[{"count":65,"href":"https:\/\/events.chuliege.be\/du-esthetics\/wp-json\/wp\/v2\/pages\/2738\/revisions"}],"predecessor-version":[{"id":4711,"href":"https:\/\/events.chuliege.be\/du-esthetics\/wp-json\/wp\/v2\/pages\/2738\/revisions\/4711"}],"wp:attachment":[{"href":"https:\/\/events.chuliege.be\/du-esthetics\/wp-json\/wp\/v2\/media?parent=2738"}],"curies":[{"name":"wp","href":"https:\/\/api.w.org\/{rel}","templated":true}]}}